{"id":1435,"date":"2019-11-11T15:14:39","date_gmt":"2019-11-11T15:14:39","guid":{"rendered":"http:\/\/eisenacher-aufbruch.de\/wordpress\/?page_id=1435"},"modified":"2019-11-11T15:40:02","modified_gmt":"2019-11-11T15:40:02","slug":"kulturwerkstatt-ea","status":"publish","type":"page","link":"https:\/\/eisenacher-aufbruch.de\/wordpress\/kulturwerkstatt-ea\/","title":{"rendered":"Kulturwerkstatt EA"},"content":{"rendered":"\n<p>Gerade kleine Details verleihen einer Stadt ihre Identit\u00e4t, machen diese attraktiv und lebenswert. Die Eisenacher Innenstadt hat da noch viele interessante Orte und Geschichten aus vergangenen Zeiten zu bieten. <\/p>\n\n\n\n<p>Der Eisenacher Aufbruch ist seit 2014 in der Katharinenstra\u00dfe 42 in einem alten Haus mit reichhaltiger Geschichte beheimatet. &nbsp;Bekannt ist diese traditionsreiche ehemalige Gewerbeviertel (Georgenvorstadt \/ und Neustadt) durch den j\u00e4hrlich stattfindenden Sommergewinn. Das Erdgeschoss wurde als Gastst\u00e4tte, Schuhgesch\u00e4ft, Kohlenhandel und Konsum genutz. <\/p>\n\n\n\n<p>Der Eisenacher Aufbruch entschied sich 2018, die durch den Verein genutzte Fl\u00e4che im Erdgeschoss zu erweitern, um Raum f\u00fcr Vereinstreffen, Vortr\u00e4ge und Feiern zu schaffen. Uns war es wichtig, einen Ort mit Geschichte wiederzubeleben und f\u00fcr heutigen Bed\u00fcrfnissen nutzbar zu machen.<\/p>\n\n\n\n<p>Was Anfang der 90er Jahre abgeteilt und f\u00fcr eine Versicherungsagentur praktisch eingerichtet wurde, war doch sehr beengt f\u00fcr die Zwecke des Wahlb\u00fcndnisses.<\/p>\n\n\n\n<p>Diese Einbauten wurden komplett zur\u00fcckgebaut und ein sinnvoll durchdachter Grundriss mit gro\u00dfz\u00fcgigen R\u00e4umlichkeiten geschaffen. Eine Hauptma\u00dfnahme war die vorbildliche Sanierung des Brandschutzes, um die &nbsp;neue Nutzung des Hauses als Treffpunkt f\u00fcr viele Menschen zu erm\u00f6glichen. Der ehemalige Raumwurde &nbsp;wir in seiner urspr\u00fcnglichen Gr\u00f6\u00dfe wiederhergestellt und mit einer offenen, gro\u00dfz\u00fcgigen Vereinsk\u00fcche erg\u00e4nzt. Das renovierte Ensemble mit seiner Au\u00dfenwirkung l\u00e4dt nun ein zum Plaudern und verweilen. <\/p>\n\n\n\n<p>Die\nNutzung <br \/>\nder Kulturwerkstatt des Eisenacher Aufbruch ist im nachbarschaftlichen Rahmen\nm\u00f6glich, wenn die satzungsgem\u00e4\u00dfen Ziele des Eisenacher Aufbruch respektiert und\nnicht gegen sie versto\u00dfen werden: <\/p>\n\n\n\n<p><em>\u201eF\u00f6rderung\ndes solidarischen Zusammenlebens von Menschen unterschiedlicher Nationalit\u00e4t\nund einer demokratischen Kultur auf antifaschistischer Grundlage und auf\ngleicher Augenh\u00f6he\u201c. <\/em><\/p>\n\n\n\n<p><\/p>\n\n\n\n<p>  [sbc title=&#8220;yes&#8220;] <\/p>\n","protected":false},"excerpt":{"rendered":"<p>Gerade kleine Details verleihen einer Stadt ihre Identit\u00e4t, machen diese attraktiv und lebenswert. Die Eisenacher Innenstadt hat da noch viele interessante Orte und Geschichten aus vergangenen Zeiten zu bieten. Der Eisenacher Aufbruch ist seit 2014 in der Katharinenstra\u00dfe 42 in &hellip; <a class=\"more-link\" href=\"https:\/\/eisenacher-aufbruch.de\/wordpress\/kulturwerkstatt-ea\/\">Weiterlesen <span class=\"meta-nav\">&rarr;<\/span><\/a><\/p>\n","protected":false},"author":1,"featured_media":1449,"parent":0,"menu_order":0,"comment_status":"open","ping_status":"closed","template":"paget-page2col.php","meta":{"footnotes":""},"class_list":["post-1435","page","type-page","status-publish","has-post-thumbnail","hentry"],"_links":{"self":[{"href":"https:\/\/eisenacher-aufbruch.de\/wordpress\/wp-json\/wp\/v2\/pages\/1435","targetHints":{"allow":["GET"]}}],"collection":[{"href":"https:\/\/eisenacher-aufbruch.de\/wordpress\/wp-json\/wp\/v2\/pages"}],"about":[{"href":"https:\/\/eisenacher-aufbruch.de\/wordpress\/wp-json\/wp\/v2\/types\/page"}],"author":[{"embeddable":true,"href":"https:\/\/eisenacher-aufbruch.de\/wordpress\/wp-json\/wp\/v2\/users\/1"}],"replies":[{"embeddable":true,"href":"https:\/\/eisenacher-aufbruch.de\/wordpress\/wp-json\/wp\/v2\/comments?post=1435"}],"version-history":[{"count":13,"href":"https:\/\/eisenacher-aufbruch.de\/wordpress\/wp-json\/wp\/v2\/pages\/1435\/revisions"}],"predecessor-version":[{"id":1454,"href":"https:\/\/eisenacher-aufbruch.de\/wordpress\/wp-json\/wp\/v2\/pages\/1435\/revisions\/1454"}],"wp:featuredmedia":[{"embeddable":true,"href":"https:\/\/eisenacher-aufbruch.de\/wordpress\/wp-json\/wp\/v2\/media\/1449"}],"wp:attachment":[{"href":"https:\/\/eisenacher-aufbruch.de\/wordpress\/wp-json\/wp\/v2\/media?parent=1435"}],"curies":[{"name":"wp","href":"https:\/\/api.w.org\/{rel}","templated":true}]}}